{"id":21249187,"date":"2022-04-09T19:32:10","date_gmt":"2022-04-09T17:32:10","guid":{"rendered":"https:\/\/chalets.iloweb.dev\/rondom-de-accommodatie\/"},"modified":"2025-02-08T14:11:18","modified_gmt":"2025-02-08T13:11:18","slug":"rondom-de-accommodatie","status":"publish","type":"page","link":"https:\/\/arlbergchalets.eu\/nl\/boek\/rondom-de-accommodatie\/","title":{"rendered":"Rondom de accommodatie"},"content":{"rendered":"<p>[et_pb_section fb_built=&#8221;1&#8243; fullwidth=&#8221;on&#8221; _builder_version=&#8221;4.27.2&#8243; _module_preset=&#8221;default&#8221; global_colors_info=&#8221;{}&#8221;][et_pb_fullwidth_slider arrows_custom_color=&#8221;#FFFFFF&#8221; dot_nav_custom_color=&#8221;#FFFFFF&#8221; module_class=&#8221;myslider&#8221; _builder_version=&#8221;4.27.4&#8243; _module_preset=&#8221;default&#8221; height_tablet=&#8221;&#8221; height_phone=&#8221;500px&#8221; height_last_edited=&#8221;on|phone&#8221; global_colors_info=&#8221;{}&#8221;][et_pb_slide heading=&#8221;Rondom de accommodatie&#8221; button_link=&#8221;@ET-DC@eyJkeW5hbWljIjp0cnVlLCJjb250ZW50IjoicG9zdF9saW5rX3VybF9wYWdlIiwic2V0dGluZ3MiOnsicG9zdF9pZCI6IjY5NzcifX0=@&#8221; use_bg_overlay=&#8221;off&#8221; use_text_overlay=&#8221;on&#8221; text_overlay_color=&#8221;rgba(115,18,26,0.73)&#8221; text_border_radius=&#8221;8px&#8221; _builder_version=&#8221;4.27.4&#8243; _dynamic_attributes=&#8221;button_link&#8221; _module_preset=&#8221;default&#8221; header_font=&#8221;&#8211;et_global_heading_font||||||||&#8221; header_text_color=&#8221;#FFFFFF&#8221; header_font_size=&#8221;65px&#8221; background_enable_color=&#8221;off&#8221; background_image=&#8221;https:\/\/arlbergchalets.eu\/wp-content\/uploads\/2025\/01\/DSC_1286-Bearbeitet-1900&#215;720-1.jpg&#8221; background_enable_image=&#8221;on&#8221; custom_button=&#8221;on&#8221; button_text_size=&#8221;20px&#8221; button_text_color=&#8221;#FFFFFF&#8221; button_bg_color=&#8221;#73121A&#8221; button_border_width=&#8221;0px&#8221; button_border_radius=&#8221;6px&#8221; button_font=&#8221;&#8211;et_global_body_font|500|||||||&#8221; button_on_hover=&#8221;off&#8221; button_custom_margin=&#8221;10px||||false|false&#8221; custom_padding=&#8221;|500px||500px|false|true&#8221; custom_padding_tablet=&#8221;|500px||500px|false|true&#8221; custom_padding_phone=&#8221;270px|0px||0px|false|true&#8221; custom_padding_last_edited=&#8221;on|phone&#8221; header_font_size_tablet=&#8221;65px&#8221; header_font_size_phone=&#8221;35px&#8221; header_font_size_last_edited=&#8221;on|phone&#8221; global_colors_info=&#8221;{}&#8221; sticky_transition=&#8221;on&#8221;][\/et_pb_slide][et_pb_slide heading=&#8221;Rondom de accommodatie&#8221; button_link=&#8221;@ET-DC@eyJkeW5hbWljIjp0cnVlLCJjb250ZW50IjoicG9zdF9saW5rX3VybF9wYWdlIiwic2V0dGluZ3MiOnsicG9zdF9pZCI6IjY5NzcifX0=@&#8221; use_bg_overlay=&#8221;off&#8221; use_text_overlay=&#8221;on&#8221; text_overlay_color=&#8221;rgba(115,18,26,0.73)&#8221; text_border_radius=&#8221;8px&#8221; _builder_version=&#8221;4.27.2&#8243; _dynamic_attributes=&#8221;button_link&#8221; _module_preset=&#8221;default&#8221; header_font=&#8221;&#8211;et_global_heading_font||||||||&#8221; header_text_color=&#8221;#FFFFFF&#8221; header_font_size=&#8221;65px&#8221; background_enable_color=&#8221;off&#8221; background_image=&#8221;https:\/\/arlbergchalets.eu\/wp-content\/uploads\/2024\/10\/Rezeption-1-2200&#215;720-1-1.jpg&#8221; background_enable_image=&#8221;on&#8221; custom_button=&#8221;on&#8221; button_text_size=&#8221;20px&#8221; button_text_color=&#8221;#FFFFFF&#8221; button_bg_color=&#8221;#73121A&#8221; button_border_width=&#8221;0px&#8221; button_border_radius=&#8221;6px&#8221; button_font=&#8221;&#8211;et_global_body_font|500|||||||&#8221; button_on_hover=&#8221;off&#8221; button_custom_margin=&#8221;10px||||false|false&#8221; custom_padding=&#8221;|500px||500px|false|true&#8221; custom_padding_tablet=&#8221;|500px||500px|false|true&#8221; custom_padding_phone=&#8221;270px|0px||0px|false|true&#8221; custom_padding_last_edited=&#8221;on|phone&#8221; header_font_size_tablet=&#8221;65px&#8221; header_font_size_phone=&#8221;35px&#8221; header_font_size_last_edited=&#8221;on|phone&#8221; global_colors_info=&#8221;{}&#8221; sticky_transition=&#8221;on&#8221;][\/et_pb_slide][et_pb_slide heading=&#8221;Rondom de accommodatie&#8221; button_link=&#8221;@ET-DC@eyJkeW5hbWljIjp0cnVlLCJjb250ZW50IjoicG9zdF9saW5rX3VybF9wYWdlIiwic2V0dGluZ3MiOnsicG9zdF9pZCI6IjY5NzcifX0=@&#8221; use_bg_overlay=&#8221;off&#8221; use_text_overlay=&#8221;on&#8221; text_overlay_color=&#8221;rgba(115,18,26,0.73)&#8221; text_border_radius=&#8221;8px&#8221; _builder_version=&#8221;4.27.4&#8243; _dynamic_attributes=&#8221;button_link&#8221; _module_preset=&#8221;default&#8221; header_font=&#8221;&#8211;et_global_heading_font||||||||&#8221; header_text_color=&#8221;#FFFFFF&#8221; header_font_size=&#8221;65px&#8221; background_enable_color=&#8221;off&#8221; background_image=&#8221;https:\/\/arlbergchalets.eu\/wp-content\/uploads\/2025\/01\/Aussenanlage-NEU-1-2200&#215;720-1.jpg&#8221; background_enable_image=&#8221;on&#8221; custom_button=&#8221;on&#8221; button_text_size=&#8221;20px&#8221; button_text_color=&#8221;#FFFFFF&#8221; button_bg_color=&#8221;#73121A&#8221; button_border_width=&#8221;0px&#8221; button_border_radius=&#8221;6px&#8221; button_font=&#8221;&#8211;et_global_body_font|500|||||||&#8221; button_on_hover=&#8221;off&#8221; button_custom_margin=&#8221;10px||||false|false&#8221; custom_padding=&#8221;|500px||500px|false|true&#8221; custom_padding_tablet=&#8221;|500px||500px|false|true&#8221; custom_padding_phone=&#8221;270px|0px||0px|false|true&#8221; custom_padding_last_edited=&#8221;on|phone&#8221; header_font_size_tablet=&#8221;65px&#8221; header_font_size_phone=&#8221;35px&#8221; header_font_size_last_edited=&#8221;on|phone&#8221; global_colors_info=&#8221;{}&#8221; sticky_transition=&#8221;on&#8221;][\/et_pb_slide][et_pb_slide heading=&#8221;Rondom de accommodatie&#8221; button_link=&#8221;@ET-DC@eyJkeW5hbWljIjp0cnVlLCJjb250ZW50IjoicG9zdF9saW5rX3VybF9wYWdlIiwic2V0dGluZ3MiOnsicG9zdF9pZCI6IjY5NzcifX0=@&#8221; use_bg_overlay=&#8221;off&#8221; use_text_overlay=&#8221;on&#8221; text_overlay_color=&#8221;rgba(115,18,26,0.73)&#8221; text_border_radius=&#8221;8px&#8221; _builder_version=&#8221;4.27.4&#8243; _dynamic_attributes=&#8221;button_link&#8221; _module_preset=&#8221;default&#8221; header_font=&#8221;&#8211;et_global_heading_font||||||||&#8221; header_text_color=&#8221;#FFFFFF&#8221; header_font_size=&#8221;65px&#8221; background_enable_color=&#8221;off&#8221; background_image=&#8221;https:\/\/arlbergchalets.eu\/wp-content\/uploads\/2025\/01\/Aussenanlage-NEU-18-2200&#215;720-1.jpg&#8221; background_enable_image=&#8221;on&#8221; custom_button=&#8221;on&#8221; button_text_size=&#8221;20px&#8221; button_text_color=&#8221;#FFFFFF&#8221; button_bg_color=&#8221;#73121A&#8221; button_border_width=&#8221;0px&#8221; button_border_radius=&#8221;6px&#8221; button_font=&#8221;&#8211;et_global_body_font|500|||||||&#8221; button_on_hover=&#8221;off&#8221; button_custom_margin=&#8221;10px||||false|false&#8221; custom_padding=&#8221;|500px||500px|false|true&#8221; custom_padding_tablet=&#8221;|500px||500px|false|true&#8221; custom_padding_phone=&#8221;270px|0px||0px|false|true&#8221; custom_padding_last_edited=&#8221;on|phone&#8221; header_font_size_tablet=&#8221;65px&#8221; header_font_size_phone=&#8221;35px&#8221; header_font_size_last_edited=&#8221;on|phone&#8221; global_colors_info=&#8221;{}&#8221; sticky_transition=&#8221;on&#8221;][\/et_pb_slide][et_pb_slide heading=&#8221;Rondom de accommodatie&#8221; button_link=&#8221;@ET-DC@eyJkeW5hbWljIjp0cnVlLCJjb250ZW50IjoicG9zdF9saW5rX3VybF9wYWdlIiwic2V0dGluZ3MiOnsicG9zdF9pZCI6IjY5NzcifX0=@&#8221; use_bg_overlay=&#8221;off&#8221; use_text_overlay=&#8221;on&#8221; text_overlay_color=&#8221;rgba(115,18,26,0.73)&#8221; text_border_radius=&#8221;8px&#8221; _builder_version=&#8221;4.27.4&#8243; _dynamic_attributes=&#8221;button_link&#8221; _module_preset=&#8221;default&#8221; header_font=&#8221;&#8211;et_global_heading_font||||||||&#8221; header_text_color=&#8221;#FFFFFF&#8221; header_font_size=&#8221;65px&#8221; background_enable_color=&#8221;off&#8221; background_image=&#8221;https:\/\/arlbergchalets.eu\/wp-content\/uploads\/2024\/10\/Skiraum-1024&#215;682.jpg.webp&#8221; background_enable_image=&#8221;on&#8221; custom_button=&#8221;on&#8221; button_text_size=&#8221;20px&#8221; button_text_color=&#8221;#FFFFFF&#8221; button_bg_color=&#8221;#73121A&#8221; button_border_width=&#8221;0px&#8221; button_border_radius=&#8221;6px&#8221; button_font=&#8221;&#8211;et_global_body_font|500|||||||&#8221; button_on_hover=&#8221;off&#8221; button_custom_margin=&#8221;10px||||false|false&#8221; custom_padding=&#8221;|500px||500px|false|true&#8221; custom_padding_tablet=&#8221;|500px||500px|false|true&#8221; custom_padding_phone=&#8221;270px|0px||0px|false|true&#8221; custom_padding_last_edited=&#8221;on|phone&#8221; header_font_size_tablet=&#8221;65px&#8221; header_font_size_phone=&#8221;35px&#8221; header_font_size_last_edited=&#8221;on|phone&#8221; global_colors_info=&#8221;{}&#8221; sticky_transition=&#8221;on&#8221;][\/et_pb_slide][et_pb_slide heading=&#8221;Rondom de accommodatie&#8221; button_link=&#8221;@ET-DC@eyJkeW5hbWljIjp0cnVlLCJjb250ZW50IjoicG9zdF9saW5rX3VybF9wYWdlIiwic2V0dGluZ3MiOnsicG9zdF9pZCI6IjY5NzcifX0=@&#8221; use_bg_overlay=&#8221;off&#8221; use_text_overlay=&#8221;on&#8221; text_overlay_color=&#8221;rgba(115,18,26,0.73)&#8221; text_border_radius=&#8221;8px&#8221; _builder_version=&#8221;4.27.4&#8243; _dynamic_attributes=&#8221;button_link&#8221; _module_preset=&#8221;default&#8221; header_font=&#8221;&#8211;et_global_heading_font||||||||&#8221; header_text_color=&#8221;#FFFFFF&#8221; header_font_size=&#8221;65px&#8221; background_enable_color=&#8221;off&#8221; background_image=&#8221;https:\/\/arlbergchalets.eu\/wp-content\/uploads\/2024\/10\/Golfcar-2-1024&#215;682.jpg.webp&#8221; background_enable_image=&#8221;on&#8221; custom_button=&#8221;on&#8221; button_text_size=&#8221;20px&#8221; button_text_color=&#8221;#FFFFFF&#8221; button_bg_color=&#8221;#73121A&#8221; button_border_width=&#8221;0px&#8221; button_border_radius=&#8221;6px&#8221; button_font=&#8221;&#8211;et_global_body_font|500|||||||&#8221; button_on_hover=&#8221;off&#8221; button_custom_margin=&#8221;10px||||false|false&#8221; custom_padding=&#8221;|500px||500px|false|true&#8221; custom_padding_tablet=&#8221;|500px||500px|false|true&#8221; custom_padding_phone=&#8221;270px|0px||0px|false|true&#8221; custom_padding_last_edited=&#8221;on|phone&#8221; header_font_size_tablet=&#8221;65px&#8221; header_font_size_phone=&#8221;35px&#8221; header_font_size_last_edited=&#8221;on|phone&#8221; global_colors_info=&#8221;{}&#8221; sticky_transition=&#8221;on&#8221;][\/et_pb_slide][et_pb_slide heading=&#8221;Rondom de accommodatie&#8221; button_link=&#8221;@ET-DC@eyJkeW5hbWljIjp0cnVlLCJjb250ZW50IjoicG9zdF9saW5rX3VybF9wYWdlIiwic2V0dGluZ3MiOnsicG9zdF9pZCI6IjY5NzcifX0=@&#8221; use_bg_overlay=&#8221;off&#8221; use_text_overlay=&#8221;on&#8221; text_overlay_color=&#8221;rgba(115,18,26,0.73)&#8221; text_border_radius=&#8221;8px&#8221; _builder_version=&#8221;4.27.4&#8243; _dynamic_attributes=&#8221;button_link&#8221; _module_preset=&#8221;default&#8221; header_font=&#8221;&#8211;et_global_heading_font||||||||&#8221; header_text_color=&#8221;#FFFFFF&#8221; header_font_size=&#8221;65px&#8221; background_enable_color=&#8221;off&#8221; background_image=&#8221;https:\/\/arlbergchalets.eu\/wp-content\/uploads\/2025\/01\/Golfcar-1-2200&#215;720-1.jpg&#8221; background_enable_image=&#8221;on&#8221; custom_button=&#8221;on&#8221; button_text_size=&#8221;20px&#8221; button_text_color=&#8221;#FFFFFF&#8221; button_bg_color=&#8221;#73121A&#8221; button_border_width=&#8221;0px&#8221; button_border_radius=&#8221;6px&#8221; button_font=&#8221;&#8211;et_global_body_font|500|||||||&#8221; button_on_hover=&#8221;off&#8221; button_custom_margin=&#8221;10px||||false|false&#8221; custom_padding=&#8221;|500px||500px|false|true&#8221; custom_padding_tablet=&#8221;|500px||500px|false|true&#8221; custom_padding_phone=&#8221;270px|0px||0px|false|true&#8221; custom_padding_last_edited=&#8221;on|phone&#8221; header_font_size_tablet=&#8221;65px&#8221; header_font_size_phone=&#8221;35px&#8221; header_font_size_last_edited=&#8221;on|phone&#8221; global_colors_info=&#8221;{}&#8221; sticky_transition=&#8221;on&#8221;][\/et_pb_slide][\/et_pb_fullwidth_slider][\/et_pb_section][et_pb_section fb_built=&#8221;1&#8243; _builder_version=&#8221;4.19.3&#8243; _module_preset=&#8221;default&#8221; global_colors_info=&#8221;{}&#8221;][et_pb_row _builder_version=&#8221;4.27.2&#8243; _module_preset=&#8221;default&#8221; global_colors_info=&#8221;{}&#8221;][et_pb_column type=&#8221;4_4&#8243; _builder_version=&#8221;4.27.2&#8243; _module_preset=&#8221;default&#8221; global_colors_info=&#8221;{}&#8221;][et_pb_blurb title_last_edited=&#8221;off|desktop&#8221; _builder_version=&#8221;4.27.2&#8243; _module_preset=&#8221;default&#8221; header_text_color=&#8221;#73121A&#8221; header_font_size=&#8221;40px&#8221; body_text_color=&#8221;#333333&#8243; body_font_size=&#8221;19px&#8221; global_colors_info=&#8221;{}&#8221;]We zijn erg blij je hier te mogen verwelkomen.<\/p>\n<p>Als u tijdens uw verblijf vragen of suggesties heeft, laat het ons dan weten &#8211; wij helpen u graag! Hier vindt u alle belangrijke informatie over de reis naar de Arlberg Chalets.[\/et_pb_blurb][\/et_pb_column][\/et_pb_row][et_pb_row column_structure=&#8221;1_2,1_2&#8243; _builder_version=&#8221;4.27.2&#8243; _module_preset=&#8221;default&#8221; width_tablet=&#8221;&#8221; width_phone=&#8221;90%&#8221; width_last_edited=&#8221;on|phone&#8221; max_width=&#8221;1240px&#8221; custom_padding=&#8221;|10px||10px|false|true&#8221; global_colors_info=&#8221;{}&#8221;][et_pb_column type=&#8221;1_2&#8243; _builder_version=&#8221;4.27.2&#8243; _module_preset=&#8221;default&#8221; global_colors_info=&#8221;{}&#8221;][et_pb_image src=&#8221;https:\/\/arlbergchalets.eu\/wp-content\/uploads\/2024\/10\/Rezeption-1-1024&#215;683.jpg.webp&#8221; title_text=&#8221;Rezeption-1&#8211;1024&#215;683.jpg&#8221; disabled_on=&#8221;off|off|on&#8221; _builder_version=&#8221;4.27.2&#8243; _module_preset=&#8221;default&#8221; global_colors_info=&#8221;{}&#8221;][\/et_pb_image][et_pb_blurb title=&#8221;Receptie &#038; check in\/out  &#8221; title_last_edited=&#8221;off|desktop&#8221; _builder_version=&#8221;4.27.4&#8243; _module_preset=&#8221;default&#8221; header_text_color=&#8221;#73121A&#8221; header_font_size=&#8221;40px&#8221; body_text_color=&#8221;#333333&#8243; body_font_size=&#8221;19px&#8221; header_font_size_tablet=&#8221;40px&#8221; header_font_size_phone=&#8221;32px&#8221; header_font_size_last_edited=&#8221;on|phone&#8221; global_colors_info=&#8221;{}&#8221;]<\/p>\n<p><strong>We hebben geen 24-uurs receptie, maar staan altijd klaar voor onze gasten.<\/strong><\/p>\n<p>Z<strong>omer check-in tijd<\/strong> op de dag van aankomst: van 15:00 &#8211; 17:00<strong>Winter check-in tijd<\/strong> op de dag van aankomst: van 16:00 &#8211; 18:00<\/p>\n<p>Als je later aankomt, moet dit van tevoren worden gemeld en kunnen er extra kosten in rekening worden gebracht.<\/p>\n<p>Als het chalet\/appartement al klaar is voor bewoning, ben je welkom om het eerder te betrekken. We zullen je een dag voor aankomst informeren. <\/p>\n<p><strong>Check-out<\/strong> op de dag van vertrek: uiterlijk om 09.30 uur. Als je voor 7.30 uur wilt vertrekken, laat het ons dan tijdig weten. <\/p>\n<p>[\/et_pb_blurb][\/et_pb_column][et_pb_column type=&#8221;1_2&#8243; _builder_version=&#8221;4.27.2&#8243; _module_preset=&#8221;default&#8221; global_colors_info=&#8221;{}&#8221;][et_pb_image src=&#8221;https:\/\/arlbergchalets.eu\/wp-content\/uploads\/2024\/10\/Rezeption-1-1024&#215;683.jpg.webp&#8221; title_text=&#8221;Rezeption-1&#8211;1024&#215;683.jpg&#8221; disabled_on=&#8221;on|on|off&#8221; _builder_version=&#8221;4.27.2&#8243; _module_preset=&#8221;default&#8221; global_colors_info=&#8221;{}&#8221;][\/et_pb_image][\/et_pb_column][\/et_pb_row][et_pb_row column_structure=&#8221;1_2,1_2&#8243; _builder_version=&#8221;4.27.2&#8243; _module_preset=&#8221;default&#8221; background_color=&#8221;RGBA(208,176,105,0.15)&#8221; width_tablet=&#8221;&#8221; width_phone=&#8221;90%&#8221; width_last_edited=&#8221;on|phone&#8221; max_width=&#8221;1240px&#8221; custom_padding=&#8221;|10px||10px|false|true&#8221; global_colors_info=&#8221;{}&#8221;][et_pb_column type=&#8221;1_2&#8243; _builder_version=&#8221;4.27.2&#8243; _module_preset=&#8221;default&#8221; global_colors_info=&#8221;{}&#8221;][et_pb_image src=&#8221;https:\/\/arlbergchalets.eu\/wp-content\/uploads\/2024\/10\/Wellness-6-Neu-1024&#215;681.jpg.webp&#8221; title_text=&#8221;Wellness-6-Neu&#8211;1024&#215;681.jpg&#8221; _builder_version=&#8221;4.27.2&#8243; _module_preset=&#8221;default&#8221; global_colors_info=&#8221;{}&#8221;][\/et_pb_image][\/et_pb_column][et_pb_column type=&#8221;1_2&#8243; _builder_version=&#8221;4.27.2&#8243; _module_preset=&#8221;default&#8221; global_colors_info=&#8221;{}&#8221;][et_pb_blurb title=&#8221;Beddengoed, handdoeken en badjassen&#8221; title_last_edited=&#8221;off|desktop&#8221; _builder_version=&#8221;4.27.4&#8243; _module_preset=&#8221;default&#8221; header_text_color=&#8221;#73121A&#8221; header_font_size=&#8221;40px&#8221; body_text_color=&#8221;#333333&#8243; body_font_size=&#8221;19px&#8221; header_font_size_tablet=&#8221;40px&#8221; header_font_size_phone=&#8221;35px&#8221; header_font_size_last_edited=&#8221;on|phone&#8221; global_colors_info=&#8221;{}&#8221;]<\/p>\n<ul>\n<li>Het chalet\/appartement dat je hebt geboekt is beschikbaar voor het aantal personen dat je hebt geboekt.<\/li>\n<li>\n<p>Er zijn 3 handdoeken per persoon gratis beschikbaar. Handdoeken kunnen op verzoek gratis worden vervangen bij boekingen van 7 nachten of meer. Handdoeken kunnen ook op elk moment worden vervangen bij kortere boekingen tegen een toeslag.<\/li>\n<li>Badjassen voor de wellnessruimte zijn gratis.<\/li>\n<\/ul>\n<p>[\/et_pb_blurb][\/et_pb_column][\/et_pb_row][et_pb_row column_structure=&#8221;1_2,1_2&#8243; _builder_version=&#8221;4.27.2&#8243; _module_preset=&#8221;default&#8221; width_tablet=&#8221;&#8221; width_phone=&#8221;90%&#8221; width_last_edited=&#8221;on|phone&#8221; max_width=&#8221;1240px&#8221; custom_padding=&#8221;|10px||10px|false|true&#8221; global_colors_info=&#8221;{}&#8221;][et_pb_column type=&#8221;1_2&#8243; _builder_version=&#8221;4.27.2&#8243; _module_preset=&#8221;default&#8221; global_colors_info=&#8221;{}&#8221;][et_pb_image src=&#8221;https:\/\/arlbergchalets.eu\/wp-content\/uploads\/2024\/10\/Golfcar-2-1024&#215;682.jpg.webp&#8221; title_text=&#8221;Golfcar-2-1024&#215;682.jpg&#8221; disabled_on=&#8221;off|off|on&#8221; _builder_version=&#8221;4.27.2&#8243; _module_preset=&#8221;default&#8221; global_colors_info=&#8221;{}&#8221;][\/et_pb_image][et_pb_blurb title=&#8221;Parkings&#8221; title_last_edited=&#8221;off|desktop&#8221; _builder_version=&#8221;4.27.4&#8243; _module_preset=&#8221;default&#8221; header_text_color=&#8221;#73121A&#8221; header_font_size=&#8221;40px&#8221; body_text_color=&#8221;#333333&#8243; body_font_size=&#8221;19px&#8221; header_font_size_tablet=&#8221;40px&#8221; header_font_size_phone=&#8221;35px&#8221; header_font_size_last_edited=&#8221;on|phone&#8221; global_colors_info=&#8221;{}&#8221;]<\/p>\n<p>Een ondergrondse parkeerplaats is gratis beschikbaar per chalet\/appartement.<\/p>\n<p>Als je met meer dan \u00e9\u00e9n auto reist, laat het ons dan weten. We behouden ons het recht voor dat de tweede parkeerplaats niet gratis is. <\/p>\n<p><strong>We zijn autovrij<\/strong><\/p>\n<p>Let op: Auto&#8217;s zijn niet toegestaan in het hele chaletdorp. Onze golfkarretjes zijn beschikbaar om je bagage te vervoeren.<\/p>\n<p>[\/et_pb_blurb][\/et_pb_column][et_pb_column type=&#8221;1_2&#8243; _builder_version=&#8221;4.27.2&#8243; _module_preset=&#8221;default&#8221; global_colors_info=&#8221;{}&#8221;][et_pb_image src=&#8221;https:\/\/arlbergchalets.eu\/wp-content\/uploads\/2024\/10\/Golfcar-2-1024&#215;682.jpg.webp&#8221; title_text=&#8221;Golfcar-2-1024&#215;682.jpg&#8221; disabled_on=&#8221;on|on|off&#8221; _builder_version=&#8221;4.27.2&#8243; _module_preset=&#8221;default&#8221; global_colors_info=&#8221;{}&#8221;][\/et_pb_image][\/et_pb_column][\/et_pb_row][et_pb_row column_structure=&#8221;1_2,1_2&#8243; _builder_version=&#8221;4.27.2&#8243; _module_preset=&#8221;default&#8221; background_color=&#8221;RGBA(208,176,105,0.15)&#8221; width_tablet=&#8221;&#8221; width_phone=&#8221;90%&#8221; width_last_edited=&#8221;on|phone&#8221; max_width=&#8221;1240px&#8221; custom_padding=&#8221;|10px||10px|false|true&#8221; global_colors_info=&#8221;{}&#8221;][et_pb_column type=&#8221;1_2&#8243; _builder_version=&#8221;4.27.2&#8243; _module_preset=&#8221;default&#8221; global_colors_info=&#8221;{}&#8221;][et_pb_image src=&#8221;https:\/\/arlbergchalets.eu\/wp-content\/uploads\/2024\/10\/Rezeption-2-683&#215;1024.jpg.webp&#8221; title_text=&#8221;Rezeption-2&#8211;683&#215;1024.jpg&#8221; _builder_version=&#8221;4.27.2&#8243; _module_preset=&#8221;default&#8221; global_colors_info=&#8221;{}&#8221;][\/et_pb_image][\/et_pb_column][et_pb_column type=&#8221;1_2&#8243; _builder_version=&#8221;4.27.2&#8243; _module_preset=&#8221;default&#8221; global_colors_info=&#8221;{}&#8221;][et_pb_blurb title=&#8221;Meer informatie&#8221; title_last_edited=&#8221;off|desktop&#8221; _builder_version=&#8221;4.27.4&#8243; _module_preset=&#8221;default&#8221; header_text_color=&#8221;#73121A&#8221; header_font_size=&#8221;40px&#8221; body_text_color=&#8221;#333333&#8243; body_font_size=&#8221;19px&#8221; header_font_size_tablet=&#8221;40px&#8221; header_font_size_phone=&#8221;35px&#8221; header_font_size_last_edited=&#8221;on|phone&#8221; global_colors_info=&#8221;{}&#8221;]<\/p>\n<p><strong>Uitrusting<\/strong><\/p>\n<p>De chalets\/appartementen zijn uitgerust met de meest gebruikelijke keukengerei. Potten, pannen, borden, glazen, bestek etc. <\/p>\n<p>Als je iets mist tijdens je verblijf, laat het ons dan weten. We zullen je helpen. <\/p>\n<p>Je moet je eigen kruiden of azijn en olie meenemen.<\/p>\n<p>Elke badkamer heeft een haardroger.<\/p>\n<p><strong>Speciaal voor onze jongere gasten<\/strong><\/p>\n<p>Op verzoek voorzien we je graag van een gratis babybedje met deken en kussen en een kinderstoel.<\/p>\n<p><strong>Koffie<\/strong><\/p>\n<p>Alle chalets\/appartementen hebben een Nespresso-apparaat. Capsules kunnen worden gekocht bij de receptie. <\/p>\n<p><strong>Hout<\/strong><\/p>\n<p>Onze chalets hebben een grote open haard voor gezellige uurtjes. Houten kisten kunnen worden gekocht bij de conci\u00ebrge voor \u20ac 13,50 per kist. <\/p>\n<p>Voor je eigen veiligheid is het niet toegestaan om je eigen hout mee te nemen. We vragen je begrip hiervoor. <\/p>\n<p><strong>Internet<\/strong><\/p>\n<p>Elk chalet\/appartement heeft WLAN en is gratis voor onze gasten. De toegangscode voor internet vind je in onze digitale gastenmap. Deze is te vinden in het chalet\/appartement dat je hebt geboekt. Daar vind je alle informatie en heb je alles in \u00e9\u00e9n oogopslag.   <\/p>\n<p><strong>Wasserij en wasmachine<\/strong><\/p>\n<p>Sommige chalets\/appartementen hebben een wasmachine. Informatie hierover vind je in de betreffende beschrijving. <\/p>\n<p><strong>Huisdieren<\/strong><\/p>\n<p>Huisdieren zijn altijd welkom.<\/p>\n<p>Huisdieren zijn echter niet in alle chalets\/appartementen toegestaan. Reserveren is daarom noodzakelijk. <\/p>\n<p>Huisdieren kosten 15,00 euro per dag zonder eten of andere diensten.<\/p>\n<p>Huisdieren zijn niet toegestaan in de wellnessruimte.<\/p>\n<p>[\/et_pb_blurb][\/et_pb_column][\/et_pb_row][et_pb_row column_structure=&#8221;1_2,1_2&#8243; _builder_version=&#8221;4.27.2&#8243; _module_preset=&#8221;default&#8221; width_tablet=&#8221;&#8221; width_phone=&#8221;90%&#8221; width_last_edited=&#8221;on|phone&#8221; max_width=&#8221;1240px&#8221; custom_padding=&#8221;|10px||10px|false|true&#8221; global_colors_info=&#8221;{}&#8221;][et_pb_column type=&#8221;1_2&#8243; _builder_version=&#8221;4.27.2&#8243; _module_preset=&#8221;default&#8221; global_colors_info=&#8221;{}&#8221;][et_pb_image src=&#8221;https:\/\/arlbergchalets.eu\/wp-content\/uploads\/2024\/10\/Skiraum-1024&#215;682.jpg.webp&#8221; title_text=&#8221;Skiraum&#8211;1024&#215;682.jpg&#8221; disabled_on=&#8221;off|off|on&#8221; _builder_version=&#8221;4.27.2&#8243; _module_preset=&#8221;default&#8221; global_colors_info=&#8221;{}&#8221;][\/et_pb_image][et_pb_blurb title=&#8221;Skilockers&#8221; title_last_edited=&#8221;off|desktop&#8221; _builder_version=&#8221;4.27.4&#8243; _module_preset=&#8221;default&#8221; header_text_color=&#8221;#73121A&#8221; header_font_size=&#8221;40px&#8221; body_text_color=&#8221;#333333&#8243; body_font_size=&#8221;19px&#8221; header_font_size_tablet=&#8221;40px&#8221; header_font_size_phone=&#8221;35px&#8221; header_font_size_last_edited=&#8221;on|phone&#8221; global_colors_info=&#8221;{}&#8221;]<\/p>\n<p>Elk chalet\/appartement heeft zijn eigen skilocker waar je je skischoenen en ski&#8217;s veilig kunt opbergen.<\/p>\n<p>De skischoenverwarming zorgt voor aangenaam warme voeten.<\/p>\n<p>[\/et_pb_blurb][\/et_pb_column][et_pb_column type=&#8221;1_2&#8243; _builder_version=&#8221;4.27.2&#8243; _module_preset=&#8221;default&#8221; global_colors_info=&#8221;{}&#8221;][et_pb_image src=&#8221;https:\/\/arlbergchalets.eu\/wp-content\/uploads\/2024\/10\/Skiraum-1024&#215;682.jpg.webp&#8221; title_text=&#8221;Skiraum&#8211;1024&#215;682.jpg&#8221; disabled_on=&#8221;on|on|off&#8221; _builder_version=&#8221;4.27.2&#8243; _module_preset=&#8221;default&#8221; global_colors_info=&#8221;{}&#8221;][\/et_pb_image][\/et_pb_column][\/et_pb_row][et_pb_row column_structure=&#8221;1_2,1_2&#8243; _builder_version=&#8221;4.27.2&#8243; _module_preset=&#8221;default&#8221; background_color=&#8221;RGBA(208,176,105,0.15)&#8221; width_tablet=&#8221;&#8221; width_phone=&#8221;90%&#8221; width_last_edited=&#8221;on|phone&#8221; max_width=&#8221;1240px&#8221; custom_padding=&#8221;|10px||10px|false|true&#8221; global_colors_info=&#8221;{}&#8221;][et_pb_column type=&#8221;1_2&#8243; _builder_version=&#8221;4.27.2&#8243; _module_preset=&#8221;default&#8221; global_colors_info=&#8221;{}&#8221;][et_pb_image src=&#8221;https:\/\/arlbergchalets.eu\/wp-content\/uploads\/2024\/10\/Aussenanlage-NEU-14-1024&#215;682.jpg.webp&#8221; title_text=&#8221;Aussenanlage-NEU-14-1024&#215;682.jpg&#8221; _builder_version=&#8221;4.27.2&#8243; _module_preset=&#8221;default&#8221; global_colors_info=&#8221;{}&#8221;][\/et_pb_image][\/et_pb_column][et_pb_column type=&#8221;1_2&#8243; _builder_version=&#8221;4.27.2&#8243; _module_preset=&#8221;default&#8221; global_colors_info=&#8221;{}&#8221;][et_pb_blurb title=&#8221;Bushalte&#8221; title_last_edited=&#8221;off|desktop&#8221; _builder_version=&#8221;4.27.4&#8243; _module_preset=&#8221;default&#8221; header_text_color=&#8221;#73121A&#8221; header_font_size=&#8221;40px&#8221; body_text_color=&#8221;#333333&#8243; body_font_size=&#8221;19px&#8221; header_font_size_tablet=&#8221;40px&#8221; header_font_size_phone=&#8221;35px&#8221; header_font_size_last_edited=&#8221;on|phone&#8221; global_colors_info=&#8221;{}&#8221;]<\/p>\n<p><strong>Bushalte<\/strong><\/p>\n<p>De bushalte bevindt zich direct voor onze deur. Met de gastenkaart &#8211; die je bij aankomst ontvangt &#8211; is de bus gratis.<\/p>\n<p>In de winter rijdt de bus elke 30 minuten, in de zomer elk uur.<\/p>\n<p><strong>Naar de skigebieden<\/strong><\/p>\n<p>Het familiegebied Sonnenkopf ligt slechts \u00e9\u00e9n bushalte bij ons vandaan. Alle andere skigebieden zoals Lech, Z\u00fcrs, Stuben, Warth en St. Anton zijn vanuit Stuben gemakkelijk te bereiken via de liften. Met de bus ben je in ongeveer 15-17 minuten in Stuben.  <\/p>\n<p>[\/et_pb_blurb][\/et_pb_column][\/et_pb_row][et_pb_row column_structure=&#8221;1_2,1_2&#8243; _builder_version=&#8221;4.27.2&#8243; _module_preset=&#8221;default&#8221; width_tablet=&#8221;&#8221; width_phone=&#8221;90%&#8221; width_last_edited=&#8221;on|phone&#8221; max_width=&#8221;1240px&#8221; custom_padding=&#8221;|10px||10px|false|true&#8221; global_colors_info=&#8221;{}&#8221;][et_pb_column type=&#8221;1_2&#8243; _builder_version=&#8221;4.27.2&#8243; _module_preset=&#8221;default&#8221; global_colors_info=&#8221;{}&#8221;][et_pb_image src=&#8221;https:\/\/arlbergchalets.eu\/wp-content\/uploads\/2024\/10\/Aussenanlage-NEU-7-1024&#215;682.jpg.webp&#8221; title_text=&#8221;Aussenanlage-NEU-7-1024&#215;682.jpg&#8221; disabled_on=&#8221;off|off|on&#8221; _builder_version=&#8221;4.27.2&#8243; _module_preset=&#8221;default&#8221; global_colors_info=&#8221;{}&#8221;][\/et_pb_image][et_pb_blurb title=&#8221;Aankomst&#8221; title_last_edited=&#8221;off|desktop&#8221; _builder_version=&#8221;4.27.4&#8243; _module_preset=&#8221;default&#8221; header_text_color=&#8221;#73121A&#8221; header_font_size=&#8221;40px&#8221; body_text_color=&#8221;#333333&#8243; body_font_size=&#8221;19px&#8221; hover_enabled=&#8221;0&#8243; header_font_size_tablet=&#8221;40px&#8221; header_font_size_phone=&#8221;35px&#8221; header_font_size_last_edited=&#8221;on|phone&#8221; global_colors_info=&#8221;{}&#8221; sticky_enabled=&#8221;0&#8243;]<\/p>\n<p><strong>Reizen met de auto<\/strong><\/p>\n<p>Je kunt het Klostertal (Wald am Arlberg) bereiken via de A12 Inntal-snelweg (Arlbergpas) in het oosten of via de A14 Rheintal-snelweg in het westen.<\/p>\n<p>Vanaf Bludenz is het ongeveer 20 kilometer naar Dalaas-Wald (Arlberg-snelweg S 16). Afslag Dalaas of Wald am Arlberg. Denk eraan dat een goede winteruitrusting (winterbanden, sneeuwkettingen) noodzakelijk is voor een reis naar de Alpen.<\/p>\n<p>GPS-co\u00f6rdinaten op Google Maps:<br \/><strong>Breedtegraad:<\/strong> 47.128571 | <strong>Lengtegraad:<\/strong> 10.038543<\/p>\n<p><a href=\"https:\/\/maps.app.goo.gl\/uPKe35WEfYDKaXDt5\" target=\"_blank\" rel=\"noopener\"> Link naar google maps<\/a><\/p>\n<p><strong>Reizen met de trein<\/strong><\/p>\n<p>Treinstation: Langen am Arlberg of Bludenz als internationale sneltreinstations. Van daaruit kun je met de bus of taxi naar de Arlberg Chalets.<\/p>\n<p><strong>Reizen met het vliegtuig<\/strong><\/p>\n<p>Dichtstbijzijnde vliegveld: Innsbruck (115 km) met goede treinverbindingen naar Langen am Arlberg.<\/p>\n<p>Dichtstbijzijnde internationale vliegveld: Z\u00fcrich (200 km) of M\u00fcnchen (320 km). Kleine vliegvelden aan het Bodenmeer: Altenrhein (CH) en Friedrichshafen (D).<\/p>\n<p>[\/et_pb_blurb][\/et_pb_column][et_pb_column type=&#8221;1_2&#8243; _builder_version=&#8221;4.27.2&#8243; _module_preset=&#8221;default&#8221; global_colors_info=&#8221;{}&#8221;][et_pb_image src=&#8221;https:\/\/arlbergchalets.eu\/wp-content\/uploads\/2024\/10\/Aussenanlage-NEU-7-1024&#215;682.jpg.webp&#8221; title_text=&#8221;Aussenanlage-NEU-7-1024&#215;682.jpg&#8221; disabled_on=&#8221;on|on|off&#8221; _builder_version=&#8221;4.27.2&#8243; _module_preset=&#8221;default&#8221; global_colors_info=&#8221;{}&#8221;][\/et_pb_image][\/et_pb_column][\/et_pb_row][\/et_pb_section]<\/p>\n","protected":false},"excerpt":{"rendered":"<p>We zijn erg blij je hier te mogen verwelkomen. Als u tijdens uw verblijf vragen of suggesties heeft, laat het ons dan weten &#8211; wij helpen u graag! Hier vindt u alle belangrijke informatie over de reis naar de Arlberg Chalets.We hebben geen 24-uurs receptie, maar staan altijd klaar voor onze gasten. Zomer check-in tijd [&hellip;]<\/p>\n","protected":false},"author":1,"featured_media":0,"parent":21249299,"menu_order":0,"comment_status":"closed","ping_status":"closed","template":"","meta":{"_acf_changed":false,"_et_pb_use_builder":"on","_et_pb_old_content":"","_et_gb_content_width":"","footnotes":""},"dipi_cpt_category":[],"class_list":["post-21249187","page","type-page","status-publish","hentry"],"acf":[],"_links":{"self":[{"href":"https:\/\/arlbergchalets.eu\/nl\/wp-json\/wp\/v2\/pages\/21249187","targetHints":{"allow":["GET"]}}],"collection":[{"href":"https:\/\/arlbergchalets.eu\/nl\/wp-json\/wp\/v2\/pages"}],"about":[{"href":"https:\/\/arlbergchalets.eu\/nl\/wp-json\/wp\/v2\/types\/page"}],"author":[{"embeddable":true,"href":"https:\/\/arlbergchalets.eu\/nl\/wp-json\/wp\/v2\/users\/1"}],"replies":[{"embeddable":true,"href":"https:\/\/arlbergchalets.eu\/nl\/wp-json\/wp\/v2\/comments?post=21249187"}],"version-history":[{"count":19,"href":"https:\/\/arlbergchalets.eu\/nl\/wp-json\/wp\/v2\/pages\/21249187\/revisions"}],"predecessor-version":[{"id":21250080,"href":"https:\/\/arlbergchalets.eu\/nl\/wp-json\/wp\/v2\/pages\/21249187\/revisions\/21250080"}],"up":[{"embeddable":true,"href":"https:\/\/arlbergchalets.eu\/nl\/wp-json\/wp\/v2\/pages\/21249299"}],"wp:attachment":[{"href":"https:\/\/arlbergchalets.eu\/nl\/wp-json\/wp\/v2\/media?parent=21249187"}],"wp:term":[{"taxonomy":"dipi_cpt_category","embeddable":true,"href":"https:\/\/arlbergchalets.eu\/nl\/wp-json\/wp\/v2\/dipi_cpt_category?post=21249187"}],"curies":[{"name":"wp","href":"https:\/\/api.w.org\/{rel}","templated":true}]}}